{"id":56,"date":"2022-09-12T13:01:17","date_gmt":"2022-09-12T16:01:17","guid":{"rendered":"https:\/\/activa.unab.cl\/?page_id=56"},"modified":"2024-10-04T17:47:55","modified_gmt":"2024-10-04T20:47:55","slug":"elementor-56","status":"publish","type":"page","link":"https:\/\/activa.unab.cl\/","title":{"rendered":"Inicio"},"content":{"rendered":"\t\t<div data-elementor-type=\"wp-page\" data-elementor-id=\"56\" class=\"elementor elementor-56\" data-elementor-post-type=\"page\">\n\t\t\t\t\t\t<section class=\"elementor-section elementor-top-section elementor-element elementor-element-28af0c80 elementor-section-height-min-height elementor-section-items-top elementor-section-content-top elementor-section-boxed elementor-section-height-default\" data-id=\"28af0c80\" data-element_type=\"section\" data-e-type=\"section\" id=\"top\" data-settings=\"{&quot;background_background&quot;:&quot;classic&quot;}\">\n\t\t\t\t\t\t<div class=\"elementor-container elementor-column-gap-no\">\n\t\t\t\t\t<div class=\"elementor-column elementor-col-50 elementor-top-column elementor-element elementor-element-1588867d\" data-id=\"1588867d\" data-element_type=\"column\" data-e-type=\"column\">\n\t\t\t<div class=\"elementor-widget-wrap elementor-element-populated\">\n\t\t\t\t\t\t<div class=\"elementor-element elementor-element-f50ee88 elementor-widget elementor-widget-image\" data-id=\"f50ee88\" data-element_type=\"widget\" data-e-type=\"widget\" data-widget_type=\"image.default\">\n\t\t\t\t<div class=\"elementor-widget-container\">\n\t\t\t\t\t\t\t\t\t\t\t\t\t\t\t<img fetchpriority=\"high\" decoding=\"async\" width=\"396\" height=\"215\" src=\"https:\/\/activa.unab.cl\/wp-content\/uploads\/2022\/09\/telesalud-activa.png\" class=\"attachment-medium_large size-medium_large wp-image-39\" alt=\"\" srcset=\"https:\/\/activa.unab.cl\/wp-content\/uploads\/2022\/09\/telesalud-activa.png 396w, https:\/\/activa.unab.cl\/wp-content\/uploads\/2022\/09\/telesalud-activa-300x163.png 300w\" sizes=\"(max-width: 396px) 100vw, 396px\" \/>\t\t\t\t\t\t\t\t\t\t\t\t\t\t\t<\/div>\n\t\t\t\t<\/div>\n\t\t\t\t<div class=\"elementor-element elementor-element-c911eea elementor-widget elementor-widget-image\" data-id=\"c911eea\" data-element_type=\"widget\" data-e-type=\"widget\" data-widget_type=\"image.default\">\n\t\t\t\t<div class=\"elementor-widget-container\">\n\t\t\t\t\t\t\t\t\t\t\t\t\t\t\t<img decoding=\"async\" width=\"300\" height=\"41\" src=\"https:\/\/activa.unab.cl\/wp-content\/uploads\/2022\/12\/activa-unab-300x41.png\" class=\"attachment-medium size-medium wp-image-372\" alt=\"\" srcset=\"https:\/\/activa.unab.cl\/wp-content\/uploads\/2022\/12\/activa-unab-300x41.png 300w, https:\/\/activa.unab.cl\/wp-content\/uploads\/2022\/12\/activa-unab-1024x141.png 1024w, https:\/\/activa.unab.cl\/wp-content\/uploads\/2022\/12\/activa-unab-768x105.png 768w, https:\/\/activa.unab.cl\/wp-content\/uploads\/2022\/12\/activa-unab-1536x211.png 1536w, https:\/\/activa.unab.cl\/wp-content\/uploads\/2022\/12\/activa-unab-2048x281.png 2048w, https:\/\/activa.unab.cl\/wp-content\/uploads\/2022\/12\/activa-unab-1200x165.png 1200w, https:\/\/activa.unab.cl\/wp-content\/uploads\/2022\/12\/activa-unab-1980x272.png 1980w\" sizes=\"(max-width: 300px) 100vw, 300px\" \/>\t\t\t\t\t\t\t\t\t\t\t\t\t\t\t<\/div>\n\t\t\t\t<\/div>\n\t\t\t\t<div class=\"elementor-element elementor-element-1990ad42 elementor-widget elementor-widget-image\" data-id=\"1990ad42\" data-element_type=\"widget\" data-e-type=\"widget\" data-widget_type=\"image.default\">\n\t\t\t\t<div class=\"elementor-widget-container\">\n\t\t\t\t\t\t\t\t\t\t\t\t\t\t\t<img decoding=\"async\" width=\"230\" height=\"215\" src=\"https:\/\/activa.unab.cl\/wp-content\/uploads\/2022\/09\/logo-unab.png\" class=\"attachment-large size-large wp-image-52\" alt=\"\" \/>\t\t\t\t\t\t\t\t\t\t\t\t\t\t\t<\/div>\n\t\t\t\t<\/div>\n\t\t\t\t\t<\/div>\n\t\t<\/div>\n\t\t\t\t<div class=\"elementor-column elementor-col-50 elementor-top-column elementor-element elementor-element-ecddbab\" data-id=\"ecddbab\" data-element_type=\"column\" data-e-type=\"column\" data-settings=\"{&quot;background_background&quot;:&quot;classic&quot;}\">\n\t\t\t<div class=\"elementor-widget-wrap elementor-element-populated\">\n\t\t\t\t\t<div class=\"elementor-background-overlay\"><\/div>\n\t\t\t\t\t\t<div class=\"elementor-element elementor-element-8aa84c0 elementor-widget__width-initial elementor-widget elementor-widget-text-editor\" data-id=\"8aa84c0\" data-element_type=\"widget\" data-e-type=\"widget\" data-widget_type=\"text-editor.default\">\n\t\t\t\t<div class=\"elementor-widget-container\">\n\t\t\t\t\t\t\t\t\t<p>UNAB Activa es la\u00a0<span data-ogsb=\"yellow\">plataforma<\/span>\u00a0de telesalud UNAB que hemos\u00a0<span data-ogsb=\"yellow\">desarrollado<\/span>\u00a0como instituci\u00f3n para apoyar a nuestra comunidad, tanto interna como externa, a trav\u00e9s de atenciones gratuitas en modalidad online. Esto en l\u00ednea con el compromiso de vincularnos activamente con nuestro entorno y fortalecer la formaci\u00f3n acad\u00e9mica de las y los estudiantes.<\/p><p>Hoy, en el marco del convenio suscrito entre la Universidad Andr\u00e9s Bello y Medismart \u2013ecosistema digital de salud con presencia en m\u00e1s de seis pa\u00edses de Hispanoam\u00e9rica\u2013\u00a0<span data-ogsb=\"yellow\">contamos con una plataforma que cumple<\/span>\u00a0con los m\u00e1s altos est\u00e1ndares de calidad,\u00a0<span data-ogsb=\"yellow\">combinando<\/span>\u00a0la experiencia de\u00a0<span data-ogsb=\"yellow\">UNAB<\/span>\u00a0y el desarrollo tecnol\u00f3gico de Medismart.<\/p><p><strong>\u00a1Reg\u00edstrate en UNAB Activa y accede a nuestras teleatenciones gratuitas!<\/strong><\/p>\t\t\t\t\t\t\t\t<\/div>\n\t\t\t\t<\/div>\n\t\t\t\t<div class=\"elementor-element elementor-element-0f3e371 elementor-align-center elementor-widget elementor-widget-button\" data-id=\"0f3e371\" data-element_type=\"widget\" data-e-type=\"widget\" data-widget_type=\"button.default\">\n\t\t\t\t<div class=\"elementor-widget-container\">\n\t\t\t\t\t\t\t\t\t<div class=\"elementor-button-wrapper\">\n\t\t\t\t\t<a class=\"elementor-button elementor-button-link elementor-size-md\" href=\"https:\/\/unabactiva.medismart.live\/account\/loginpaciente\">\n\t\t\t\t\t\t<span class=\"elementor-button-content-wrapper\">\n\t\t\t\t\t\t\t\t\t<span class=\"elementor-button-text\">INGRESA AQU\u00cd<\/span>\n\t\t\t\t\t<\/span>\n\t\t\t\t\t<\/a>\n\t\t\t\t<\/div>\n\t\t\t\t\t\t\t\t<\/div>\n\t\t\t\t<\/div>\n\t\t\t\t\t<\/div>\n\t\t<\/div>\n\t\t\t\t\t<\/div>\n\t\t<\/section>\n\t\t\t\t<section class=\"elementor-section elementor-top-section elementor-element elementor-element-6d539ac elementor-section-boxed elementor-section-height-default elementor-section-height-default\" data-id=\"6d539ac\" data-element_type=\"section\" data-e-type=\"section\">\n\t\t\t\t\t\t<div class=\"elementor-container elementor-column-gap-default\">\n\t\t\t\t\t<div class=\"elementor-column elementor-col-50 elementor-top-column elementor-element elementor-element-242f335\" data-id=\"242f335\" data-element_type=\"column\" data-e-type=\"column\" data-settings=\"{&quot;background_background&quot;:&quot;classic&quot;}\">\n\t\t\t<div class=\"elementor-widget-wrap elementor-element-populated\">\n\t\t\t\t\t\t<div class=\"elementor-element elementor-element-b23618f elementor-position-top elementor-widget elementor-widget-image-box\" data-id=\"b23618f\" data-element_type=\"widget\" data-e-type=\"widget\" data-widget_type=\"image-box.default\">\n\t\t\t\t<div class=\"elementor-widget-container\">\n\t\t\t\t\t<div class=\"elementor-image-box-wrapper\"><figure class=\"elementor-image-box-img\"><img loading=\"lazy\" decoding=\"async\" width=\"1500\" height=\"1000\" src=\"https:\/\/activa.unab.cl\/wp-content\/uploads\/2024\/04\/psicologia-unab.webp\" class=\"attachment-full size-full wp-image-503\" alt=\"\" srcset=\"https:\/\/activa.unab.cl\/wp-content\/uploads\/2024\/04\/psicologia-unab.webp 1500w, https:\/\/activa.unab.cl\/wp-content\/uploads\/2024\/04\/psicologia-unab-300x200.webp 300w, https:\/\/activa.unab.cl\/wp-content\/uploads\/2024\/04\/psicologia-unab-1024x683.webp 1024w, https:\/\/activa.unab.cl\/wp-content\/uploads\/2024\/04\/psicologia-unab-768x512.webp 768w\" sizes=\"(max-width: 1500px) 100vw, 1500px\" \/><\/figure><div class=\"elementor-image-box-content\"><h3 class=\"elementor-image-box-title\">Psicolog\u00eda<\/h3><p class=\"elementor-image-box-description\">Teleatenci\u00f3n que brinda consultas psicol\u00f3gicas de orientaci\u00f3n, intervenci\u00f3n en crisis y psicoterapia en el caso que se requiera, dirigida a ni\u00f1as y ni\u00f1os, adolescentes, adultos y adultos mayores.<\/p><\/div><\/div>\t\t\t\t<\/div>\n\t\t\t\t<\/div>\n\t\t\t\t\t<\/div>\n\t\t<\/div>\n\t\t\t\t<div class=\"elementor-column elementor-col-50 elementor-top-column elementor-element elementor-element-5dd95ff\" data-id=\"5dd95ff\" data-element_type=\"column\" data-e-type=\"column\" data-settings=\"{&quot;background_background&quot;:&quot;classic&quot;}\">\n\t\t\t<div class=\"elementor-widget-wrap elementor-element-populated\">\n\t\t\t\t\t\t<div class=\"elementor-element elementor-element-421ceaa elementor-position-top elementor-widget elementor-widget-image-box\" data-id=\"421ceaa\" data-element_type=\"widget\" data-e-type=\"widget\" data-widget_type=\"image-box.default\">\n\t\t\t\t<div class=\"elementor-widget-container\">\n\t\t\t\t\t<div class=\"elementor-image-box-wrapper\"><figure class=\"elementor-image-box-img\"><img loading=\"lazy\" decoding=\"async\" width=\"1024\" height=\"683\" src=\"https:\/\/activa.unab.cl\/wp-content\/uploads\/2022\/09\/57206851-0-CC-1116-copia-1024x6-1.webp\" class=\"attachment-full size-full wp-image-99\" alt=\"\" srcset=\"https:\/\/activa.unab.cl\/wp-content\/uploads\/2022\/09\/57206851-0-CC-1116-copia-1024x6-1.webp 1024w, https:\/\/activa.unab.cl\/wp-content\/uploads\/2022\/09\/57206851-0-CC-1116-copia-1024x6-1-300x200.webp 300w, https:\/\/activa.unab.cl\/wp-content\/uploads\/2022\/09\/57206851-0-CC-1116-copia-1024x6-1-768x512.webp 768w\" sizes=\"(max-width: 1024px) 100vw, 1024px\" \/><\/figure><div class=\"elementor-image-box-content\"><h3 class=\"elementor-image-box-title\"> Kinesiolog\u00eda<\/h3><p class=\"elementor-image-box-description\">Teleatenci\u00f3n kinesiol\u00f3gica para quienes tengan afecciones del sistema musculoesquel\u00e9tico (m\u00fasculos, huesos, articulaciones), mediante la realizaci\u00f3n de sesiones consistentes en: Evaluaci\u00f3n a distancia de su condici\u00f3n de salud; Propuesta de objetivos terap\u00e9uticos; Direcci\u00f3n y monitorizaci\u00f3n de un plan de tratamiento; y Educaci\u00f3n y promoci\u00f3n de su condici\u00f3n de salud.\n<\/p><\/div><\/div>\t\t\t\t<\/div>\n\t\t\t\t<\/div>\n\t\t\t\t\t<\/div>\n\t\t<\/div>\n\t\t\t\t\t<\/div>\n\t\t<\/section>\n\t\t\t\t<section class=\"elementor-section elementor-top-section elementor-element elementor-element-9529a23 elementor-section-boxed elementor-section-height-default elementor-section-height-default\" data-id=\"9529a23\" data-element_type=\"section\" data-e-type=\"section\">\n\t\t\t\t\t\t<div class=\"elementor-container elementor-column-gap-default\">\n\t\t\t\t\t<div class=\"elementor-column elementor-col-50 elementor-top-column elementor-element elementor-element-6d8fbcc\" data-id=\"6d8fbcc\" data-element_type=\"column\" data-e-type=\"column\" data-settings=\"{&quot;background_background&quot;:&quot;classic&quot;}\">\n\t\t\t<div class=\"elementor-widget-wrap elementor-element-populated\">\n\t\t\t\t\t\t<div class=\"elementor-element elementor-element-3fe03d6 elementor-position-top elementor-widget elementor-widget-image-box\" data-id=\"3fe03d6\" data-element_type=\"widget\" data-e-type=\"widget\" data-widget_type=\"image-box.default\">\n\t\t\t\t<div class=\"elementor-widget-container\">\n\t\t\t\t\t<div class=\"elementor-image-box-wrapper\"><figure class=\"elementor-image-box-img\"><img loading=\"lazy\" decoding=\"async\" width=\"1024\" height=\"683\" src=\"https:\/\/activa.unab.cl\/wp-content\/uploads\/2022\/09\/58314117-0-nutricion.jpg\" class=\"attachment-full size-full wp-image-165\" alt=\"\" srcset=\"https:\/\/activa.unab.cl\/wp-content\/uploads\/2022\/09\/58314117-0-nutricion.jpg 1024w, https:\/\/activa.unab.cl\/wp-content\/uploads\/2022\/09\/58314117-0-nutricion-300x200.jpg 300w, https:\/\/activa.unab.cl\/wp-content\/uploads\/2022\/09\/58314117-0-nutricion-768x512.jpg 768w\" sizes=\"(max-width: 1024px) 100vw, 1024px\" \/><\/figure><div class=\"elementor-image-box-content\"><h3 class=\"elementor-image-box-title\"> Nutrici\u00f3n y Diet\u00e9tica<\/h3><p class=\"elementor-image-box-description\">Teleatenci\u00f3n nutricional dirigida a adultos, adultos mayores, ni\u00f1os, embarazadas y mujeres en per\u00edodo de lactancia con el fin de ayudarlos a mejorar su estado nutricional, recibir asesor\u00eda y corregir h\u00e1bitos alimentarios. Esta iniciativa busca contribuir a la prevenci\u00f3n de enfermedades asociadas a nutrici\u00f3n en todo el ciclo vital.\n<\/p><\/div><\/div>\t\t\t\t<\/div>\n\t\t\t\t<\/div>\n\t\t\t\t\t<\/div>\n\t\t<\/div>\n\t\t\t\t<div class=\"elementor-column elementor-col-50 elementor-top-column elementor-element elementor-element-23b4b0e\" data-id=\"23b4b0e\" data-element_type=\"column\" data-e-type=\"column\" data-settings=\"{&quot;background_background&quot;:&quot;classic&quot;}\">\n\t\t\t<div class=\"elementor-widget-wrap elementor-element-populated\">\n\t\t\t\t\t\t<div class=\"elementor-element elementor-element-aee0614 elementor-position-top elementor-widget elementor-widget-image-box\" data-id=\"aee0614\" data-element_type=\"widget\" data-e-type=\"widget\" data-widget_type=\"image-box.default\">\n\t\t\t\t<div class=\"elementor-widget-container\">\n\t\t\t\t\t<div class=\"elementor-image-box-wrapper\"><figure class=\"elementor-image-box-img\"><img loading=\"lazy\" decoding=\"async\" width=\"1024\" height=\"683\" src=\"https:\/\/activa.unab.cl\/wp-content\/uploads\/2022\/09\/obstetricia.jpg\" class=\"attachment-full size-full wp-image-281\" alt=\"\" srcset=\"https:\/\/activa.unab.cl\/wp-content\/uploads\/2022\/09\/obstetricia.jpg 1024w, https:\/\/activa.unab.cl\/wp-content\/uploads\/2022\/09\/obstetricia-300x200.jpg 300w, https:\/\/activa.unab.cl\/wp-content\/uploads\/2022\/09\/obstetricia-768x512.jpg 768w\" sizes=\"(max-width: 1024px) 100vw, 1024px\" \/><\/figure><div class=\"elementor-image-box-content\"><h3 class=\"elementor-image-box-title\">Ginecolog\u00eda y Obstetricia<\/h3><p class=\"elementor-image-box-description\">Teleatenci\u00f3n dirigida a personas desde los 14 a\u00f1os, que requieran consultas individuales en tem\u00e1ticas como: salud sexual y salud reproductiva, m\u00e9todos anticonceptivos y de emergencia, preparaci\u00f3n y planificaci\u00f3n de embarazo, consulta por enfermedades ginecol\u00f3gicas, consejer\u00eda en lactancia materna y cuidados del reci\u00e9n nacido, promoci\u00f3n y prevenci\u00f3n de salud en relaci\u00f3n a c\u00e1ncer de mama y cervicouterino, entre otras.\n<\/p><\/div><\/div>\t\t\t\t<\/div>\n\t\t\t\t<\/div>\n\t\t\t\t\t<\/div>\n\t\t<\/div>\n\t\t\t\t\t<\/div>\n\t\t<\/section>\n\t\t\t\t<section class=\"elementor-section elementor-top-section elementor-element elementor-element-06717d2 elementor-section-boxed elementor-section-height-default elementor-section-height-default\" data-id=\"06717d2\" data-element_type=\"section\" data-e-type=\"section\">\n\t\t\t\t\t\t<div class=\"elementor-container elementor-column-gap-default\">\n\t\t\t\t\t<div class=\"elementor-column elementor-col-50 elementor-top-column elementor-element elementor-element-1f94c26\" data-id=\"1f94c26\" data-element_type=\"column\" data-e-type=\"column\" data-settings=\"{&quot;background_background&quot;:&quot;classic&quot;}\">\n\t\t\t<div class=\"elementor-widget-wrap elementor-element-populated\">\n\t\t\t\t\t\t<div class=\"elementor-element elementor-element-67f38bc elementor-position-top elementor-widget elementor-widget-image-box\" data-id=\"67f38bc\" data-element_type=\"widget\" data-e-type=\"widget\" data-widget_type=\"image-box.default\">\n\t\t\t\t<div class=\"elementor-widget-container\">\n\t\t\t\t\t<div class=\"elementor-image-box-wrapper\"><figure class=\"elementor-image-box-img\"><img loading=\"lazy\" decoding=\"async\" width=\"2560\" height=\"1707\" src=\"https:\/\/activa.unab.cl\/wp-content\/uploads\/2022\/09\/AdobeStock_415053243-scaled-1.jpeg\" class=\"attachment-full size-full wp-image-189\" alt=\"\" srcset=\"https:\/\/activa.unab.cl\/wp-content\/uploads\/2022\/09\/AdobeStock_415053243-scaled-1.jpeg 2560w, https:\/\/activa.unab.cl\/wp-content\/uploads\/2022\/09\/AdobeStock_415053243-scaled-1-300x200.jpeg 300w, https:\/\/activa.unab.cl\/wp-content\/uploads\/2022\/09\/AdobeStock_415053243-scaled-1-1024x683.jpeg 1024w, https:\/\/activa.unab.cl\/wp-content\/uploads\/2022\/09\/AdobeStock_415053243-scaled-1-768x512.jpeg 768w, https:\/\/activa.unab.cl\/wp-content\/uploads\/2022\/09\/AdobeStock_415053243-scaled-1-1536x1024.jpeg 1536w, https:\/\/activa.unab.cl\/wp-content\/uploads\/2022\/09\/AdobeStock_415053243-scaled-1-2048x1366.jpeg 2048w, https:\/\/activa.unab.cl\/wp-content\/uploads\/2022\/09\/AdobeStock_415053243-scaled-1-1200x800.jpeg 1200w, https:\/\/activa.unab.cl\/wp-content\/uploads\/2022\/09\/AdobeStock_415053243-scaled-1-1980x1320.jpeg 1980w\" sizes=\"(max-width: 2560px) 100vw, 2560px\" \/><\/figure><div class=\"elementor-image-box-content\"><h3 class=\"elementor-image-box-title\">Psicopedagog\u00eda<\/h3><p class=\"elementor-image-box-description\">Teleatenci\u00f3n psicopedag\u00f3gica individualizada para ni\u00f1os, ni\u00f1as, adolescentes y j\u00f3venes de educaci\u00f3n superior, orientada al desarrollo de habilidades cognitivas, ling\u00fc\u00edsticas y socio afectivas para optimizar el aprendizaje en las \u00e1reas de lectura, escritura y razonamiento matem\u00e1tico.\n<\/p><\/div><\/div>\t\t\t\t<\/div>\n\t\t\t\t<\/div>\n\t\t\t\t\t<\/div>\n\t\t<\/div>\n\t\t\t\t<div class=\"elementor-column elementor-col-50 elementor-top-column elementor-element elementor-element-0fd0bdb\" data-id=\"0fd0bdb\" data-element_type=\"column\" data-e-type=\"column\" data-settings=\"{&quot;background_background&quot;:&quot;classic&quot;}\">\n\t\t\t<div class=\"elementor-widget-wrap elementor-element-populated\">\n\t\t\t\t\t\t<div class=\"elementor-element elementor-element-f2ca86e elementor-position-top elementor-widget elementor-widget-image-box\" data-id=\"f2ca86e\" data-element_type=\"widget\" data-e-type=\"widget\" data-widget_type=\"image-box.default\">\n\t\t\t\t<div class=\"elementor-widget-container\">\n\t\t\t\t\t<div class=\"elementor-image-box-wrapper\"><figure class=\"elementor-image-box-img\"><img loading=\"lazy\" decoding=\"async\" width=\"1024\" height=\"682\" src=\"https:\/\/activa.unab.cl\/wp-content\/uploads\/2022\/10\/62669885-0-fonoaudiologia-campo.webp\" class=\"attachment-full size-full wp-image-351\" alt=\"\" srcset=\"https:\/\/activa.unab.cl\/wp-content\/uploads\/2022\/10\/62669885-0-fonoaudiologia-campo.webp 1024w, https:\/\/activa.unab.cl\/wp-content\/uploads\/2022\/10\/62669885-0-fonoaudiologia-campo-300x200.webp 300w, https:\/\/activa.unab.cl\/wp-content\/uploads\/2022\/10\/62669885-0-fonoaudiologia-campo-768x512.webp 768w\" sizes=\"(max-width: 1024px) 100vw, 1024px\" \/><\/figure><div class=\"elementor-image-box-content\"><h3 class=\"elementor-image-box-title\">Fonoaudiolog\u00eda<\/h3><p class=\"elementor-image-box-description\">Teleatenci\u00f3n que contempla procesos de evaluaci\u00f3n, diagn\u00f3stico e intervenci\u00f3n, considerando las \u00e1reas infanto-juvenil, adulto y persona mayor, y voz a lo largo del ciclo vital. Esta iniciativa busca acompa\u00f1ar los procesos terap\u00e9uticos de personas con necesidades comunicativas, cognitivas y vocales.\n<\/p><\/div><\/div>\t\t\t\t<\/div>\n\t\t\t\t<\/div>\n\t\t\t\t\t<\/div>\n\t\t<\/div>\n\t\t\t\t\t<\/div>\n\t\t<\/section>\n\t\t\t\t<section class=\"elementor-section elementor-top-section elementor-element elementor-element-5fededd elementor-section-boxed elementor-section-height-default elementor-section-height-default\" data-id=\"5fededd\" data-element_type=\"section\" data-e-type=\"section\">\n\t\t\t\t\t\t<div class=\"elementor-container elementor-column-gap-default\">\n\t\t\t\t\t<div class=\"elementor-column elementor-col-50 elementor-top-column elementor-element elementor-element-b6aaac4\" data-id=\"b6aaac4\" data-element_type=\"column\" data-e-type=\"column\" data-settings=\"{&quot;background_background&quot;:&quot;classic&quot;}\">\n\t\t\t<div class=\"elementor-widget-wrap elementor-element-populated\">\n\t\t\t\t\t\t<div class=\"elementor-element elementor-element-7afebb1 elementor-position-top elementor-widget elementor-widget-image-box\" data-id=\"7afebb1\" data-element_type=\"widget\" data-e-type=\"widget\" data-widget_type=\"image-box.default\">\n\t\t\t\t<div class=\"elementor-widget-container\">\n\t\t\t\t\t<div class=\"elementor-image-box-wrapper\"><figure class=\"elementor-image-box-img\"><img loading=\"lazy\" decoding=\"async\" width=\"800\" height=\"533\" src=\"https:\/\/activa.unab.cl\/wp-content\/uploads\/2022\/09\/58314162-0-terapia.webp\" class=\"attachment-full size-full wp-image-140\" alt=\"\" srcset=\"https:\/\/activa.unab.cl\/wp-content\/uploads\/2022\/09\/58314162-0-terapia.webp 800w, https:\/\/activa.unab.cl\/wp-content\/uploads\/2022\/09\/58314162-0-terapia-300x200.webp 300w, https:\/\/activa.unab.cl\/wp-content\/uploads\/2022\/09\/58314162-0-terapia-768x512.webp 768w\" sizes=\"(max-width: 800px) 100vw, 800px\" \/><\/figure><div class=\"elementor-image-box-content\"><h3 class=\"elementor-image-box-title\">Terapia Ocupacional<\/h3><p class=\"elementor-image-box-description\"><b>Programa de atenci\u00f3n a la infancia:<\/b> Teleatenci\u00f3n para ni\u00f1as y ni\u00f1os desde 0 a 6 a\u00f1os y sus familias que requieran evaluaci\u00f3n e intervenci\u00f3n desde esta disciplina, orientada principalmente a dificultades asociadas a retraso del desarrollo sensoriomotor,\n\ntrastornos cong\u00e9nitos, trastorno de integraci\u00f3n sensorial, atenci\u00f3n de prematuros, dificultades de alimentaci\u00f3n y trastorno del espectro autista.\n<br>\n<b>Programa Bienestar:<\/b> Teleatenci\u00f3n dirigida a toda persona que busque una perspectiva hol\u00edstica de salud, brindando atenciones de salud mental desde una mirada integral. Dentro del proceso de atenci\u00f3n se encuentra el acompa\u00f1amiento, contenci\u00f3n y manejo emocional, escucha activa, entrega de estrategias de fortalecimiento, facilitando estrategias terap\u00e9uticas integrales con la terapia ocupacional, tanto a nivel individual como grupal.\n<br>\n<b>Programa de Neurorrehabilitaci\u00f3n:<\/b> Teleatenci\u00f3n dirigida a usuarios desde la primera infancia a personas mayores que cursen con diagn\u00f3stico de Charcot Marie Tooth, Accidente Cerebro Vascular, Par\u00e1lisis Cerebral, entre otros, y que debido a ello tengan una alteraci\u00f3n o hayan dejado de participar en sus ocupaciones significativas. Las atenciones consisten en evaluaci\u00f3n inicial e intervenci\u00f3n de acuerdo con las necesidades ocupacionales evidenciadas, entrega de informe y recomendaciones.<\/p><\/div><\/div>\t\t\t\t<\/div>\n\t\t\t\t<\/div>\n\t\t\t\t\t<\/div>\n\t\t<\/div>\n\t\t\t\t<div class=\"elementor-column elementor-col-50 elementor-top-column elementor-element elementor-element-47a222f\" data-id=\"47a222f\" data-element_type=\"column\" data-e-type=\"column\" data-settings=\"{&quot;background_background&quot;:&quot;classic&quot;}\">\n\t\t\t<div class=\"elementor-widget-wrap elementor-element-populated\">\n\t\t\t\t\t\t<div class=\"elementor-element elementor-element-b15d590 elementor-position-top elementor-widget elementor-widget-image-box\" data-id=\"b15d590\" data-element_type=\"widget\" data-e-type=\"widget\" data-widget_type=\"image-box.default\">\n\t\t\t\t<div class=\"elementor-widget-container\">\n\t\t\t\t\t<div class=\"elementor-image-box-wrapper\"><figure class=\"elementor-image-box-img\"><img loading=\"lazy\" decoding=\"async\" width=\"1360\" height=\"907\" src=\"https:\/\/activa.unab.cl\/wp-content\/uploads\/2023\/09\/medicina.webp\" class=\"attachment-full size-full wp-image-478\" alt=\"\" srcset=\"https:\/\/activa.unab.cl\/wp-content\/uploads\/2023\/09\/medicina.webp 1360w, https:\/\/activa.unab.cl\/wp-content\/uploads\/2023\/09\/medicina-300x200.webp 300w, https:\/\/activa.unab.cl\/wp-content\/uploads\/2023\/09\/medicina-1024x683.webp 1024w, https:\/\/activa.unab.cl\/wp-content\/uploads\/2023\/09\/medicina-768x512.webp 768w, https:\/\/activa.unab.cl\/wp-content\/uploads\/2023\/09\/medicina-1200x800.webp 1200w\" sizes=\"(max-width: 1360px) 100vw, 1360px\" \/><\/figure><div class=\"elementor-image-box-content\"><h3 class=\"elementor-image-box-title\"> Medicina<\/h3><p class=\"elementor-image-box-description\">Teleatenci\u00f3n que brinda consultas de medicina general para adultos, entregando diagn\u00f3sticos y tratamientos personalizados, que incluyen la emisi\u00f3n de \u00f3rdenes de ex\u00e1menes, interpretaci\u00f3n de resultados y prescripciones m\u00e9dicas. La atenci\u00f3n se enfoca en proporcionar soluciones a las necesidades de salud de los pacientes, ofreciendo un acceso equitativo y efectivo a la atenci\u00f3n m\u00e9dica de alta calidad.\n\n<b>Cabe destacar que Medicina UNAB no entrega licencias m\u00e9dicas ni certificados para hacer deporte.<\/b><\/p><\/div><\/div>\t\t\t\t<\/div>\n\t\t\t\t<\/div>\n\t\t\t\t\t<\/div>\n\t\t<\/div>\n\t\t\t\t\t<\/div>\n\t\t<\/section>\n\t\t\t\t<section class=\"elementor-section elementor-top-section elementor-element elementor-element-65c72e3 elementor-section-boxed elementor-section-height-default elementor-section-height-default\" data-id=\"65c72e3\" data-element_type=\"section\" data-e-type=\"section\">\n\t\t\t\t\t\t<div class=\"elementor-container elementor-column-gap-default\">\n\t\t\t\t\t<div class=\"elementor-column elementor-col-100 elementor-top-column elementor-element elementor-element-f001519\" data-id=\"f001519\" data-element_type=\"column\" data-e-type=\"column\" data-settings=\"{&quot;background_background&quot;:&quot;classic&quot;}\">\n\t\t\t<div class=\"elementor-widget-wrap elementor-element-populated\">\n\t\t\t\t\t\t<div class=\"elementor-element elementor-element-898ee11 elementor-widget elementor-widget-text-editor\" data-id=\"898ee11\" data-element_type=\"widget\" data-e-type=\"widget\" data-widget_type=\"text-editor.default\">\n\t\t\t\t<div class=\"elementor-widget-container\">\n\t\t\t\t\t\t\t\t\t<p><strong>\u00bfNo encuentra hora disponible en el \u00e1rea que requiere? Haga clic <a href=\"https:\/\/forms.gle\/czxfE7iLPLTJu89s6\" target=\"_blank\" rel=\"noopener\">aqu\u00ed<\/a> para registrar sus datos y lo contactaremos a la brevedad para agendarle.<\/strong><\/p>\t\t\t\t\t\t\t\t<\/div>\n\t\t\t\t<\/div>\n\t\t\t\t\t<\/div>\n\t\t<\/div>\n\t\t\t\t\t<\/div>\n\t\t<\/section>\n\t\t\t\t<section class=\"elementor-section elementor-top-section elementor-element elementor-element-5e055cc elementor-section-full_width elementor-section-height-default elementor-section-height-default\" data-id=\"5e055cc\" data-element_type=\"section\" data-e-type=\"section\">\n\t\t\t\t\t\t<div class=\"elementor-container elementor-column-gap-no\">\n\t\t\t\t\t<div class=\"elementor-column elementor-col-100 elementor-top-column elementor-element elementor-element-c389581\" data-id=\"c389581\" data-element_type=\"column\" data-e-type=\"column\">\n\t\t\t<div class=\"elementor-widget-wrap elementor-element-populated\">\n\t\t\t\t\t\t<div class=\"elementor-element elementor-element-0d4daf3 elementor-widget elementor-widget-html\" data-id=\"0d4daf3\" data-element_type=\"widget\" data-e-type=\"widget\" data-widget_type=\"html.default\">\n\t\t\t\t<div class=\"elementor-widget-container\">\n\t\t\t\t\t<iframe src=\"https:\/\/www.unab.cl\/footer-19\/footer.html\"id=\"iframe_footer\"frameborder=\"0\"scrolling=\"no\"width=\"100%\"><\/iframe><style>#iframe_footer{height:1070px;margin-top:30px;}@media(min-width:784px){#iframe_footer{height:822px;}}@media(min-width:1008px){#iframe_footer{height:341px;}}@media(min-width:1415px){#iframe_footer{height:318px;}}<\/style>\r\n\t\t\t\t<\/div>\n\t\t\t\t<\/div>\n\t\t\t\t\t<\/div>\n\t\t<\/div>\n\t\t\t\t\t<\/div>\n\t\t<\/section>\n\t\t\t\t<\/div>\n\t\t","protected":false},"excerpt":{"rendered":"<p>UNAB Activa es la\u00a0plataforma\u00a0de telesalud UNAB que hemos\u00a0desarrollado\u00a0como instituci\u00f3n para apoyar a nuestra comunidad, tanto interna como externa, a trav\u00e9s de atenciones gratuitas en modalidad online. Esto en l\u00ednea con el compromiso de vincularnos activamente con nuestro entorno y fortalecer la formaci\u00f3n acad\u00e9mica de las y los estudiantes. Hoy, en el marco del convenio suscrito [&hellip;]<\/p>\n","protected":false},"author":2,"featured_media":0,"parent":0,"menu_order":0,"comment_status":"closed","ping_status":"closed","template":"elementor_canvas","meta":{"footnotes":""},"class_list":["post-56","page","type-page","status-publish","hentry"],"_links":{"self":[{"href":"https:\/\/activa.unab.cl\/index.php?rest_route=\/wp\/v2\/pages\/56","targetHints":{"allow":["GET"]}}],"collection":[{"href":"https:\/\/activa.unab.cl\/index.php?rest_route=\/wp\/v2\/pages"}],"about":[{"href":"https:\/\/activa.unab.cl\/index.php?rest_route=\/wp\/v2\/types\/page"}],"author":[{"embeddable":true,"href":"https:\/\/activa.unab.cl\/index.php?rest_route=\/wp\/v2\/users\/2"}],"replies":[{"embeddable":true,"href":"https:\/\/activa.unab.cl\/index.php?rest_route=%2Fwp%2Fv2%2Fcomments&post=56"}],"version-history":[{"count":370,"href":"https:\/\/activa.unab.cl\/index.php?rest_route=\/wp\/v2\/pages\/56\/revisions"}],"predecessor-version":[{"id":517,"href":"https:\/\/activa.unab.cl\/index.php?rest_route=\/wp\/v2\/pages\/56\/revisions\/517"}],"wp:attachment":[{"href":"https:\/\/activa.unab.cl\/index.php?rest_route=%2Fwp%2Fv2%2Fmedia&parent=56"}],"curies":[{"name":"wp","href":"https:\/\/api.w.org\/{rel}","templated":true}]}}